{"id":380,"date":"2023-05-25T08:31:11","date_gmt":"2023-05-25T08:31:11","guid":{"rendered":"https:\/\/richardkapp.com\/?page_id=380"},"modified":"2026-03-11T07:24:48","modified_gmt":"2026-03-11T07:24:48","slug":"gigs","status":"publish","type":"page","link":"https:\/\/richardkapp.com\/index.php\/gigs\/","title":{"rendered":"GIGS &amp; EVENTS"},"content":{"rendered":"\n<div class=\"wp-block-kevinbatdorf-animate-in-view\" animatein=\"animate-in-view\" enabled=\"0\" once=\"1\" direction=\"-1\" threshold=\"1\" timing=\"1\" offset=\"2rem\"><div class=\"wp-block-image is-style-rounded\">\n<figure class=\"aligncenter size-large\"><img loading=\"lazy\" decoding=\"async\" width=\"1024\" height=\"576\" src=\"https:\/\/richardkapp.com\/wp-content\/uploads\/2026\/01\/IMG_3199-1024x576.jpg\" alt=\"Richard Kapp &amp; The Gowns\" class=\"wp-image-1482\" srcset=\"https:\/\/richardkapp.com\/wp-content\/uploads\/2026\/01\/IMG_3199-1024x576.jpg 1024w, https:\/\/richardkapp.com\/wp-content\/uploads\/2026\/01\/IMG_3199-300x169.jpg 300w, https:\/\/richardkapp.com\/wp-content\/uploads\/2026\/01\/IMG_3199-768x432.jpg 768w, https:\/\/richardkapp.com\/wp-content\/uploads\/2026\/01\/IMG_3199-1536x864.jpg 1536w, https:\/\/richardkapp.com\/wp-content\/uploads\/2026\/01\/IMG_3199-2048x1152.jpg 2048w, https:\/\/richardkapp.com\/wp-content\/uploads\/2026\/01\/IMG_3199-500x281.jpg 500w, https:\/\/richardkapp.com\/wp-content\/uploads\/2026\/01\/IMG_3199-800x450.jpg 800w, https:\/\/richardkapp.com\/wp-content\/uploads\/2026\/01\/IMG_3199-1280x720.jpg 1280w, https:\/\/richardkapp.com\/wp-content\/uploads\/2026\/01\/IMG_3199-1920x1080.jpg 1920w\" sizes=\"auto, (max-width: 1024px) 100vw, 1024px\" \/><\/figure>\n<\/div>\n\n\n<p class=\"has-red-color has-text-color\"><strong>2026<\/strong><\/p>\n\n\n\n<p><\/p>\n\n\n\n<p>21.05.2026 &#8211; <a href=\"https:\/\/www.stanglerhof.bz.it\/\">Stanglerhof<\/a>, S\u00fcdtirol<br>17.04.2026 &#8211; <a href=\"https:\/\/www.marktcafe.wien\/\">Ignaz &amp; Rosalia<\/a> Live Music &amp; Friends<br>20.02.2026 &#8211; <a href=\"https:\/\/oe1.orf.at\/programm\/20260220\/824990\/Richard-Kapp-Froehlicher-Schiffbruch\">Jazztime \u00d61<\/a><br>13.02.2026 &#8211; Radiocafe \/ Jazztime<br>09.01.2026 &#8211; Album Release Party \/ Theater Libelle<\/p>\n\n\n\n<p class=\"has-red-color has-text-color\">2<strong>025<\/strong><\/p>\n<\/div>\n\n\n\n<p>05.09.2025 &#8211; Album feature at \u00d61 (Spielr\u00e4ume w\/ Johann Kneihs), 5:30pm<\/p>\n\n\n\n<div class=\"wp-block-kevinbatdorf-animate-in-view\" animatein=\"animate-in-view\" enabled=\"0\" once=\"1\" direction=\"1\" threshold=\"1\" timing=\"1\" offset=\"2rem\">\n<p class=\"has-red-color has-text-color has-link-color wp-elements-6d6350fc71b478a9ab845278468425f5\"><strong>2021-2024<\/strong> &#8211; difficult times<\/p>\n<\/div>\n\n\n\n<p class=\"has-red-color has-text-color\"><strong>2020<\/strong><\/p>\n\n\n\n<p>29.02.2020 &#8211; Solo piano on Peter&#8217;s (our sound engineer) wedding<\/p>\n\n\n\n<p class=\"has-red-color has-text-color\"><strong>2019<\/strong><\/p>\n\n\n\n<p class=\"has-text-align-left\">06.04.2019 &#8211; Kramladen w\/ Small Theater<br>10.08.2019 &#8211; The Jam Bar, Wiener Neustadt<br>28.09.2019 -Mezzanin 7 ****CANCELLED! ****<\/p>\n\n\n\n<p class=\"has-red-color has-text-color\"><strong>2018<\/strong><\/p>\n\n\n\n<p>26.05.2018 &#8211; Cafe Schmid Hansl w\/ Daniela Flickentanz<br>30.08.2018 &#8211; Das Werk w\/ Agnes Milewski<br>07.09.2018 &#8211; Bistro Bar Francis<br>20.09.2018 &#8211; Cafe Carina w\/ Syannah<\/p>\n\n\n\n<p class=\"has-red-color has-text-color\"><strong>2017<\/strong><\/p>\n\n\n\n<p>28.04.2017 &#8211; Diamond Gold Ressort Party<br>27.05.2017 &#8211; Donaukanaltreiben \/ Central Garden<br>23.06.2017 &#8211; Stra\u00dfenfest Pappel<br>26.07.2017 &#8211; Salonette<br>05.08.2017 &#8211; Huma Eleven \/ Hafen Open Air Warmup<br>16.08.2017 &#8211; Shortynale Filmfestival (Solo)<br>19.08.2017 &#8211; Cafe 7stern w\/ Agn\u00e9s Milewski<br>01.09.2017 &#8211; AU<br>06.10.2017 &#8211; AERA<\/p>\n\n\n\n<p class=\"has-red-color has-text-color\"><strong>2016<\/strong><\/p>\n\n\n\n<p>02.04.2016 &#8211; Radio Orange Interview (Wake Up)<br>20.05.2016 &#8211; mezzanin7 (please reserve a ticket!)<br>15.07.2016 &#8211; private party @ aus:zeit<br>TBA &#8211; Cafe Hold<br>06.12.2016 &#8211; Tunnel Vienna Live<\/p>\n\n\n\n<p class=\"has-red-color has-text-color\"><strong>2015<\/strong><\/p>\n\n\n\n<p>21.03.2015 &#8211; Cafe Hold<br>18.05.2015 &#8211; Musik am Montag mit Birgit Denk, Kulisse<br>05.06.2015 &#8211; CD Release Party &#8220;Fake!&#8221; Caf\u00e9 Schmid Hansl<br>20.06.2015 &#8211; F\u00eate de la Musique<br>09.07.2015 &#8211; Radio Orange<br>18.09.2015 &#8211; \u00d61 Spielr\u00e4ume (Presentation of our album &#8220;Fake!&#8221;, 17:30)<br>18.09.2015 &#8211; Central Garden (19:00)<br>02.12.2015 &#8211; Reigen Benefizevent (Fl\u00fcchtlingshilfe) *cancelled due to illness*<\/p>\n\n\n\n<p class=\"has-red-color has-text-color\"><strong>2014<\/strong><\/p>\n\n\n\n<p>23.04.2014 &#8211; Froff, Vienna w\/ Angus Munro (UK)<br>24.04.2014 &#8211; Cafe Carina, Vienna w\/ Angus Munro (UK)<br>05.05.2014 &#8211; Henry Cellars Bar, Edinburgh, UK SOLO w\/Angus Munro<br>06.05.2014 &#8211; Munro&#8217;s, Glasgow, UK SOLO w\/Angus Munro<br>07.05.2014 &#8211; The Riding Room, Glasgow, SOLO w\/Angus Munro<br>26.09.2014 &#8211; Cafe Schmid Hansl, Vienna w\/Sharon Lewis &amp; Crack*a*jack*crow (UK)<br>25.10.2014 &#8211; Cafe Mocca, Vienna<br>13.12.2014 &#8211; Local w\/ She &amp; The Junkies<\/p>\n\n\n\n<p class=\"has-red-color has-text-color\"><strong>2013<\/strong><\/p>\n\n\n\n<p>09.01.2013 &#8211; Cafe Carina, Vienna<br>07.02.2013 &#8211; Interview @ Radio Orange<br>09.04.2013 &#8211; Cafe Carina, Vienna w\/ Rob Marr &amp; Cara Sebastian<br>12.04.2013 &#8211; Cafe Schmid Hansl, Vienna w\/ Rob Marr &amp; Cara Sebastian<br>17.09.2013 &#8211; The Slaughtered Lamb, London, UK w\/ Debs McCoy<br>18.09.2013 &#8211; Rattlesnake, London, UK w\/Debs McCoy<br>19.09.2013 &#8211; Brunswick, Brighton, UK w\/ Brendan O&#8217; Sullivan &amp; Rob Marr<br>20.09.2013 &#8211; Servant Jazz Quarters, London, UK w\/Rob Marr &amp; Cara Sebastian<br>04.10.2013 &#8211; Altes Depot, Mistelbach<\/p>\n\n\n\n<p class=\"has-red-color has-text-color\"><strong>2012<\/strong><\/p>\n\n\n\n<p>08.09.2012 &#8211; CD Release Party Ost Klub, Vienna<br>25.10.2012 &#8211; Cafe Schmid Hansl, Vienna<br>16.11.2012 &#8211; Mikes Werkstatt, Vienna<br>22.11.2012 &#8211; CunTra la, Kunsthure, Graz<br>15.12.2012 &#8211; Local, Vienna w\/ Christina Scherrer &amp; Sigi Mittermayr<\/p>\n\n\n\n<p class=\"has-red-color has-text-color\"><br><strong>2011<\/strong><\/p>\n\n\n\n<p>25.03.2011 \u2013 Clara Blume&#8217;s SingerSongwriter Circus\/ Ostklub<br>21.06.2011 \u2013 Cafe Carina, Vienna<br>31.07.2011 \u2013 Concerto Charity Pop&amp;Folk; Festival<br>09.08.2011 \u2013 Radio Fips, G\u00f6ppingen (DE)<br>10.08.2011 \u2013 Spritzehaus, Frankfurt (DE)<br>02.09.2011 \u2013 Montmartre Festival \/ Arena, Vienna<br>22.09.2011 \u2013 Wortsport, Projektwerkstatt, Vienna<br>14.10.2011 &#8211; Cafe Concerto w\/ Hoda Mohajerani<\/p>\n\n\n\n<p class=\"has-red-color has-text-color\"><strong>2010<\/strong><\/p>\n\n\n\n<p>28.01.2010 &#8211; Ostklub, Vienna<br>20.03.2010 \u2013 Open Air \u201eVinzi Charity\u201c Ottakring<br>13.04.2010 &#8211; Cafe Carina, Vienna<br>30.05.2010 &#8211; The Latest Bar in Brighton UK w\/ BirdEatsBaby<br>29.05.2010 &#8211; Spice Of Life in London, UK w\/ BirdEatsBaby<br>12.05.2010 &#8211; Local \/ Vienna w\/ Cassis and Matt Keating<br>25.09.2010 \u2013 GoodBall 2010<br>27.10.2010 \u2013 Local \/Vienna w\/ BirdEatsBaby (UK) and Bitter Ruin (UK)<\/p>\n\n\n\n<p class=\"has-red-color has-text-color\"><strong>2009<\/strong><\/p>\n\n\n\n<p>07.01.2009 &#8211; Chelsea w\/ Bernhard Eder (DE\/AT)<br>31.01.2009 &#8211; Tunnel, Vienna<br>26.02.2009 &#8211; Cafe Carina, Vienna<br>18.04.2009 &#8211; Cafe Stadtbahn w\/ Olga Minski<br>21.05.2009 &#8211; Shelter, Vienna<br>16.07.2009 &#8211; Chelsea w\/ BirdEatsBaby &amp; Joe Black (UK)<br>18.07.2009 &#8211; Cafe Carina, Vienna w\/ BirdEatsBaby &amp; Joe Black (UK)<br>25.09.2009 &#8211; Charity gig &#8220;Good Ball&#8221;: Fu\u00dfballstadion Sportclub-Platz<\/p>\n\n\n\n<p class=\"has-red-color has-text-color\"><strong>2008<\/strong><\/p>\n\n\n\n<p>22.02.2008 &#8211; Subterrarium, Vienna<br>29.02.2008 &#8211; Tunnel, Vienna w\/ Magdalena Piatti (AT)<br>20.06.2008 &#8211; Subterrarium, Vienna<br>21.12.2008 &#8211; B72, Vienna w\/ Protestant Work Ethic (AT)<\/p>\n\n\n\n<p class=\"has-red-color has-text-color\"><strong>2007<\/strong><\/p>\n\n\n\n<p>04.04.2007 &#8211; Luftbad, Vienna &#8211; We play for Kinnie Tour<br>10.04.2007 &#8211; Live Performance for Kinnie Tour<br>12.05.2007 &#8211; VSA: Haus der Musik w\/ David Kitt (IRL)<br>27.08.2007 &#8211; B72, Vienna w\/ Bernhard Eder (DE\/AT)<br>07.09.2007 &#8211; Cafe Stadtbahn, Vienna w\/Daniel Seestrand (SE)<br>09.11.2007 &#8211; Replugged, Vienna<br>26.11.2007 &#8211; Cafe Carina, Vienna w\/ Magdalena Piatti (AT)<\/p>\n\n\n\n<p class=\"has-red-color has-text-color\"><strong>2006<\/strong><\/p>\n\n\n\n<p>23.06.2006 &#8211; Cafe Stadtbahn, Vienna<\/p>\n\n\n\n<p class=\"has-red-color has-text-color\"><strong>2004<\/strong><\/p>\n\n\n\n<p>18.07.2004 &#8211; CD-Release Party &#8220;Watering Cans&#8221; @ B72, Vienna<\/p>\n","protected":false},"excerpt":{"rendered":"<p>05.09.2025 &#8211; Album feature at \u00d61 (Spielr\u00e4ume w\/ Johann Kneihs), 5:30pm 2020 29.02.2020 &#8211; Solo piano on Peter&#8217;s (our sound engineer) wedding 2019 06.04.2019 &#8211;<\/p>\n<p><a href=\"https:\/\/richardkapp.com\/index.php\/gigs\/\" class=\"more-link\">&#8230; Continue reading<span class=\"screen-reader-text\">GIGS &amp; EVENTS<\/span><\/a><\/p>\n","protected":false},"author":1,"featured_media":459,"parent":0,"menu_order":0,"comment_status":"closed","ping_status":"closed","template":"","meta":{"_vp_format_video_url":"","_vp_image_focal_point":[],"footnotes":""},"class_list":["post-380","page","type-page","status-publish","has-post-thumbnail","hentry"],"yoast_head":"<!-- This site is optimized with the Yoast SEO plugin v27.4 - https:\/\/yoast.com\/product\/yoast-seo-wordpress\/ -->\n<title>GIGS &amp; EVENTS - Richard Kapp &amp; The Gowns<\/title>\n<meta name=\"robots\" content=\"index, follow, max-snippet:-1, max-image-preview:large, max-video-preview:-1\" \/>\n<link rel=\"canonical\" href=\"https:\/\/richardkapp.com\/index.php\/gigs\/\" \/>\n<meta property=\"og:locale\" content=\"en_US\" \/>\n<meta property=\"og:type\" content=\"article\" \/>\n<meta property=\"og:title\" content=\"GIGS &amp; EVENTS - Richard Kapp &amp; The Gowns\" \/>\n<meta property=\"og:description\" content=\"05.09.2025 &#8211; Album feature at \u00d61 (Spielr\u00e4ume w\/ Johann Kneihs), 5:30pm 2020 29.02.2020 &#8211; Solo piano on Peter&#8217;s (our sound engineer) wedding 2019 06.04.2019 &#8211;... Continue readingGIGS &amp; EVENTS\" \/>\n<meta property=\"og:url\" content=\"https:\/\/richardkapp.com\/index.php\/gigs\/\" \/>\n<meta property=\"og:site_name\" content=\"Richard Kapp &amp; The Gowns\" \/>\n<meta property=\"article:publisher\" content=\"https:\/\/www.facebook.com\/richardkappmusic\" \/>\n<meta property=\"article:modified_time\" content=\"2026-03-11T07:24:48+00:00\" \/>\n<meta property=\"og:image\" content=\"https:\/\/richardkapp.com\/wp-content\/uploads\/2023\/05\/live@2x.jpg\" \/>\n\t<meta property=\"og:image:width\" content=\"1560\" \/>\n\t<meta property=\"og:image:height\" content=\"702\" \/>\n\t<meta property=\"og:image:type\" content=\"image\/jpeg\" \/>\n<meta name=\"twitter:card\" content=\"summary_large_image\" \/>\n<meta name=\"twitter:label1\" content=\"Est. reading time\" \/>\n\t<meta name=\"twitter:data1\" content=\"3 minutes\" \/>\n<script type=\"application\/ld+json\" class=\"yoast-schema-graph\">{\"@context\":\"https:\\\/\\\/schema.org\",\"@graph\":[{\"@type\":\"WebPage\",\"@id\":\"https:\\\/\\\/richardkapp.com\\\/index.php\\\/gigs\\\/\",\"url\":\"https:\\\/\\\/richardkapp.com\\\/index.php\\\/gigs\\\/\",\"name\":\"GIGS &amp; EVENTS - Richard Kapp &amp; The Gowns\",\"isPartOf\":{\"@id\":\"https:\\\/\\\/richardkapp.com\\\/#website\"},\"primaryImageOfPage\":{\"@id\":\"https:\\\/\\\/richardkapp.com\\\/index.php\\\/gigs\\\/#primaryimage\"},\"image\":{\"@id\":\"https:\\\/\\\/richardkapp.com\\\/index.php\\\/gigs\\\/#primaryimage\"},\"thumbnailUrl\":\"https:\\\/\\\/richardkapp.com\\\/wp-content\\\/uploads\\\/2023\\\/05\\\/live@2x.jpg\",\"datePublished\":\"2023-05-25T08:31:11+00:00\",\"dateModified\":\"2026-03-11T07:24:48+00:00\",\"breadcrumb\":{\"@id\":\"https:\\\/\\\/richardkapp.com\\\/index.php\\\/gigs\\\/#breadcrumb\"},\"inLanguage\":\"en-US\",\"potentialAction\":[{\"@type\":\"ReadAction\",\"target\":[\"https:\\\/\\\/richardkapp.com\\\/index.php\\\/gigs\\\/\"]}]},{\"@type\":\"ImageObject\",\"inLanguage\":\"en-US\",\"@id\":\"https:\\\/\\\/richardkapp.com\\\/index.php\\\/gigs\\\/#primaryimage\",\"url\":\"https:\\\/\\\/richardkapp.com\\\/wp-content\\\/uploads\\\/2023\\\/05\\\/live@2x.jpg\",\"contentUrl\":\"https:\\\/\\\/richardkapp.com\\\/wp-content\\\/uploads\\\/2023\\\/05\\\/live@2x.jpg\",\"width\":1560,\"height\":702},{\"@type\":\"BreadcrumbList\",\"@id\":\"https:\\\/\\\/richardkapp.com\\\/index.php\\\/gigs\\\/#breadcrumb\",\"itemListElement\":[{\"@type\":\"ListItem\",\"position\":1,\"name\":\"Home\",\"item\":\"https:\\\/\\\/richardkapp.com\\\/\"},{\"@type\":\"ListItem\",\"position\":2,\"name\":\"GIGS &amp; EVENTS\"}]},{\"@type\":\"WebSite\",\"@id\":\"https:\\\/\\\/richardkapp.com\\\/#website\",\"url\":\"https:\\\/\\\/richardkapp.com\\\/\",\"name\":\"Richard Kapp &amp; The Gowns\",\"description\":\"Quirky chamberpop\",\"publisher\":{\"@id\":\"https:\\\/\\\/richardkapp.com\\\/#\\\/schema\\\/person\\\/d5b724bb40609712766d6941d23e6fed\"},\"potentialAction\":[{\"@type\":\"SearchAction\",\"target\":{\"@type\":\"EntryPoint\",\"urlTemplate\":\"https:\\\/\\\/richardkapp.com\\\/?s={search_term_string}\"},\"query-input\":{\"@type\":\"PropertyValueSpecification\",\"valueRequired\":true,\"valueName\":\"search_term_string\"}}],\"inLanguage\":\"en-US\"},{\"@type\":[\"Person\",\"Organization\"],\"@id\":\"https:\\\/\\\/richardkapp.com\\\/#\\\/schema\\\/person\\\/d5b724bb40609712766d6941d23e6fed\",\"name\":\"Richard Kapp\",\"image\":{\"@type\":\"ImageObject\",\"inLanguage\":\"en-US\",\"@id\":\"https:\\\/\\\/richardkapp.com\\\/wp-content\\\/uploads\\\/2023\\\/05\\\/duckies-1.png\",\"url\":\"https:\\\/\\\/richardkapp.com\\\/wp-content\\\/uploads\\\/2023\\\/05\\\/duckies-1.png\",\"contentUrl\":\"https:\\\/\\\/richardkapp.com\\\/wp-content\\\/uploads\\\/2023\\\/05\\\/duckies-1.png\",\"width\":300,\"height\":240,\"caption\":\"Richard Kapp\"},\"logo\":{\"@id\":\"https:\\\/\\\/richardkapp.com\\\/wp-content\\\/uploads\\\/2023\\\/05\\\/duckies-1.png\"},\"sameAs\":[\"https:\\\/\\\/richardkapp.com\",\"https:\\\/\\\/www.facebook.com\\\/richardkappmusic\",\"https:\\\/\\\/www.youtube.com\\\/richardkappmusic\",\"https:\\\/\\\/de.wikipedia.org\\\/wiki\\\/Richard_Kapp\"]}]}<\/script>\n<!-- \/ Yoast SEO plugin. -->","yoast_head_json":{"title":"GIGS &amp; EVENTS - Richard Kapp &amp; The Gowns","robots":{"index":"index","follow":"follow","max-snippet":"max-snippet:-1","max-image-preview":"max-image-preview:large","max-video-preview":"max-video-preview:-1"},"canonical":"https:\/\/richardkapp.com\/index.php\/gigs\/","og_locale":"en_US","og_type":"article","og_title":"GIGS &amp; EVENTS - Richard Kapp &amp; The Gowns","og_description":"05.09.2025 &#8211; Album feature at \u00d61 (Spielr\u00e4ume w\/ Johann Kneihs), 5:30pm 2020 29.02.2020 &#8211; Solo piano on Peter&#8217;s (our sound engineer) wedding 2019 06.04.2019 &#8211;... Continue readingGIGS &amp; EVENTS","og_url":"https:\/\/richardkapp.com\/index.php\/gigs\/","og_site_name":"Richard Kapp &amp; The Gowns","article_publisher":"https:\/\/www.facebook.com\/richardkappmusic","article_modified_time":"2026-03-11T07:24:48+00:00","og_image":[{"width":1560,"height":702,"url":"https:\/\/richardkapp.com\/wp-content\/uploads\/2023\/05\/live@2x.jpg","type":"image\/jpeg"}],"twitter_card":"summary_large_image","twitter_misc":{"Est. reading time":"3 minutes"},"schema":{"@context":"https:\/\/schema.org","@graph":[{"@type":"WebPage","@id":"https:\/\/richardkapp.com\/index.php\/gigs\/","url":"https:\/\/richardkapp.com\/index.php\/gigs\/","name":"GIGS &amp; EVENTS - Richard Kapp &amp; The Gowns","isPartOf":{"@id":"https:\/\/richardkapp.com\/#website"},"primaryImageOfPage":{"@id":"https:\/\/richardkapp.com\/index.php\/gigs\/#primaryimage"},"image":{"@id":"https:\/\/richardkapp.com\/index.php\/gigs\/#primaryimage"},"thumbnailUrl":"https:\/\/richardkapp.com\/wp-content\/uploads\/2023\/05\/live@2x.jpg","datePublished":"2023-05-25T08:31:11+00:00","dateModified":"2026-03-11T07:24:48+00:00","breadcrumb":{"@id":"https:\/\/richardkapp.com\/index.php\/gigs\/#breadcrumb"},"inLanguage":"en-US","potentialAction":[{"@type":"ReadAction","target":["https:\/\/richardkapp.com\/index.php\/gigs\/"]}]},{"@type":"ImageObject","inLanguage":"en-US","@id":"https:\/\/richardkapp.com\/index.php\/gigs\/#primaryimage","url":"https:\/\/richardkapp.com\/wp-content\/uploads\/2023\/05\/live@2x.jpg","contentUrl":"https:\/\/richardkapp.com\/wp-content\/uploads\/2023\/05\/live@2x.jpg","width":1560,"height":702},{"@type":"BreadcrumbList","@id":"https:\/\/richardkapp.com\/index.php\/gigs\/#breadcrumb","itemListElement":[{"@type":"ListItem","position":1,"name":"Home","item":"https:\/\/richardkapp.com\/"},{"@type":"ListItem","position":2,"name":"GIGS &amp; EVENTS"}]},{"@type":"WebSite","@id":"https:\/\/richardkapp.com\/#website","url":"https:\/\/richardkapp.com\/","name":"Richard Kapp &amp; The Gowns","description":"Quirky chamberpop","publisher":{"@id":"https:\/\/richardkapp.com\/#\/schema\/person\/d5b724bb40609712766d6941d23e6fed"},"potentialAction":[{"@type":"SearchAction","target":{"@type":"EntryPoint","urlTemplate":"https:\/\/richardkapp.com\/?s={search_term_string}"},"query-input":{"@type":"PropertyValueSpecification","valueRequired":true,"valueName":"search_term_string"}}],"inLanguage":"en-US"},{"@type":["Person","Organization"],"@id":"https:\/\/richardkapp.com\/#\/schema\/person\/d5b724bb40609712766d6941d23e6fed","name":"Richard Kapp","image":{"@type":"ImageObject","inLanguage":"en-US","@id":"https:\/\/richardkapp.com\/wp-content\/uploads\/2023\/05\/duckies-1.png","url":"https:\/\/richardkapp.com\/wp-content\/uploads\/2023\/05\/duckies-1.png","contentUrl":"https:\/\/richardkapp.com\/wp-content\/uploads\/2023\/05\/duckies-1.png","width":300,"height":240,"caption":"Richard Kapp"},"logo":{"@id":"https:\/\/richardkapp.com\/wp-content\/uploads\/2023\/05\/duckies-1.png"},"sameAs":["https:\/\/richardkapp.com","https:\/\/www.facebook.com\/richardkappmusic","https:\/\/www.youtube.com\/richardkappmusic","https:\/\/de.wikipedia.org\/wiki\/Richard_Kapp"]}]}},"_links":{"self":[{"href":"https:\/\/richardkapp.com\/index.php\/wp-json\/wp\/v2\/pages\/380","targetHints":{"allow":["GET"]}}],"collection":[{"href":"https:\/\/richardkapp.com\/index.php\/wp-json\/wp\/v2\/pages"}],"about":[{"href":"https:\/\/richardkapp.com\/index.php\/wp-json\/wp\/v2\/types\/page"}],"author":[{"embeddable":true,"href":"https:\/\/richardkapp.com\/index.php\/wp-json\/wp\/v2\/users\/1"}],"replies":[{"embeddable":true,"href":"https:\/\/richardkapp.com\/index.php\/wp-json\/wp\/v2\/comments?post=380"}],"version-history":[{"count":38,"href":"https:\/\/richardkapp.com\/index.php\/wp-json\/wp\/v2\/pages\/380\/revisions"}],"predecessor-version":[{"id":1506,"href":"https:\/\/richardkapp.com\/index.php\/wp-json\/wp\/v2\/pages\/380\/revisions\/1506"}],"wp:featuredmedia":[{"embeddable":true,"href":"https:\/\/richardkapp.com\/index.php\/wp-json\/wp\/v2\/media\/459"}],"wp:attachment":[{"href":"https:\/\/richardkapp.com\/index.php\/wp-json\/wp\/v2\/media?parent=380"}],"curies":[{"name":"wp","href":"https:\/\/api.w.org\/{rel}","templated":true}]}}